{"id":108,"date":"2018-11-13T20:56:44","date_gmt":"2018-11-13T20:56:44","guid":{"rendered":"http:\/\/meierpatrick.ch\/?page_id=108"},"modified":"2018-11-13T20:58:53","modified_gmt":"2018-11-13T20:58:53","slug":"politische-vorstoesse-kantonsrat","status":"publish","type":"page","link":"https:\/\/meierpatrick.ch\/?page_id=108","title":{"rendered":"Politische Vorst\u00f6sse Kantonsrat"},"content":{"rendered":"<h4>2015<\/h4>\n<ul>\n<li>Gesetz \u00fcber die Luzerner Polizei, Fraktionssprecher, 16. M\u00e4rz 2015<\/li>\n<li>Vorschau Kantonsrat M\u00e4rz 2015, Gesetz \u00fcber die Luzerner Polizei, NLZ, 14. M\u00e4rz 2015<\/li>\n<li>Sessionsbericht RigiAnzeiger, 26.\/27. Januar 2015<\/li>\n<li>Leserbrief &#8222;Reusssanierung&#8220;<\/li>\n<li>Anfrage &#8222;Reusssanierung&#8220;, Eingabe Januar 2015<\/li>\n<\/ul>\n<h4>2014<\/h4>\n<ul>\n<li>Leserbrief &#8222;Bundesgericht will Standort Luzern aufgeben&#8220;<\/li>\n<li>Sessionsbericht Juni 2014, Rontaler<\/li>\n<li>Leserbrief &#8222;Kantonalisierung Zivilschutz&#8220;<\/li>\n<li>Sessionsbericht Januar 2014, Rontaler Woche (Anzeiger Luzern)<\/li>\n<\/ul>\n<h4>2013<\/h4>\n<ul>\n<li>Postulat &#8222;Gef\u00e4ngnis Willisau&#8220;<\/li>\n<li>Sessionsbericht Januar 2013, Rontaler<\/li>\n<li>Anfrage Umsetzung &#8222;Hooligan-Konkordat&#8220;<\/li>\n<li>Postulat Anpassung Sekundarstufe I<\/li>\n<li>Postulat Gemeinden entscheiden selber \u00fcber die Modellwahl<\/li>\n<\/ul>\n<h4>2012<\/h4>\n<ul>\n<li>Bericht Luzerner Rundschau: Sessionsbericht 10.\/11. September<\/li>\n<li>Bericht Tenerolager 2012 (Tele 1)<\/li>\n<li>Leserbrief &#8222;Nein &#8211; Staatsvertr\u00e4ge vors Volk&#8220;<\/li>\n<li>Dingliches Postulat &#8222;Strategiewechsel Reusssanierung&#8220;, Redimensionierung Projekt&#8220;<\/li>\n<li>Fraktionssprecher (B25) Gesetzes\u00e4nderungen zur Schaffung eines Kantonsgerichtes<\/li>\n<li>Leserbrief &#8222;Zentral- und Hochschulbibliothek&#8220;<\/li>\n<li>Bericht Rontaler &#8222;Session 30.\/31. Januar 2012&#8220;<\/li>\n<li>Neue Luzerner Zeitung: Braucht es mehr Polizistinnen und Polizisten? (1. April 2012)<\/li>\n<\/ul>\n<h4>2011<\/h4>\n<ul>\n<li>Diskussion Tele 1: Neues Volksschulbildungsgesetz<\/li>\n<li>Postulat &#8222;Umsetzung Sportlektionen an Berufsschulen&#8220;<\/li>\n<li>Leserbrief &#8222;Abstimmungen: Junge informieren Junge&#8220;<\/li>\n<li>Fraktionssprecher &#8222;H\u00f6here Studiengeb\u00fchren f\u00fcr Studenten&#8220;<\/li>\n<li>Dringliche Anfrage &#8222;Umsetzung Volksschulbildungsgesetz&#8220;<\/li>\n<li>Leserbrief &#8222;Kantonsratsdebatte K 17&#8220;<\/li>\n<li>Leserbrief &#8222;Hochschulkonkordat Innerschweiz&#8220;<\/li>\n<\/ul>\n<h4>2010<\/h4>\n<ul>\n<li>Postulat &#8222;Eine Zivilschutzorganisation im Kanton Luzern&#8220;<\/li>\n<li>Leserbrief &#8222;Fussballchaoten: Der Internetpranger f\u00fchrt zum Erfolg&#8220;<\/li>\n<li>Postulat &#8222;Forschungsf\u00f6rderung durch Gelder des Nationalfonds&#8220;<\/li>\n<li>Postulat &#8222;F\u00fchrung einer sportmedizinischen Fakult\u00e4t&#8220; im Masterstudium<\/li>\n<li>Leserbrief &#8222;Denner Sch\u00fcler unerw\u00fcnscht&#8220;<\/li>\n<li>Fraktionssprecher zum &#8222;Ausstieg aus dem PHZ Konkordat&#8220;<\/li>\n<li>Sessionsbericht &#8222;M\u00e4rz&#8220;<\/li>\n<\/ul>\n<p><strong>2009<\/strong><\/p>\n<ul>\n<li>Bemerkungen zum Planungsbericht B104, Weiterentwicklung Sekundarstufe I (Beibehalten von KSS, ISS und Typengetrennt)<\/li>\n<li>Motion zur Gliederung der Sekundarstufe I in Gymnasium, erweiterte Anforderung, Grundanforderung<\/li>\n<li>Vertiefe Behandlung der Beziehung zum Islam<\/li>\n<li>Dringliche Anfrage Impulse f\u00fcr den Hochbau<\/li>\n<li>Komitee Abstimmung Tiefbahnhof Luzern<\/li>\n<li>Diverse Leserbriefe, u.a. &#8222;Chaoten im Eisstadion in Zug&#8220;<\/li>\n<\/ul>\n<p><strong>2008<\/strong><\/p>\n<ul>\n<li>Fraktionssprecher HarmoS<\/li>\n<li>Co-Pr\u00e4sidium Abstimmung Harmos (Link)<\/li>\n<li>Postulat Schulkreiseinteilung Sekundarstufe I<\/li>\n<li>Postulat BKD Benennung &#8222;Sport&#8220;<\/li>\n<li>Mitinitiant &#8222;Anfrage Gerichtsteinteilung Luzern Land&#8220;<\/li>\n<li>Postulat Kostenteilung bei neuen Projekten im Bildungsbereich<\/li>\n<li>Postulat Rhythmisierung Ferien \/ Ferienregelung<\/li>\n<li>Anfrage betreff Umsetzung der Sportf\u00f6rderung<\/li>\n<\/ul>\n<h4>2007<\/h4>\n<ul>\n<li>Postulat Doppelspurausbau: Der Kanton soll sich an den Kosten beteiligen<\/li>\n<li>Rede zur Agglomerationspolitik<\/li>\n<li>Fraktionssprecher CVP Dekret Finanzierung Stadttheater Luzern<\/li>\n<li>offener Brief f\u00fcr den Einsatz zu Gunsten des Doppelspurausbaus Rotsee<\/li>\n<li>Fraktionssprecher Gymnasial- und Berufsbildungsgesetz (Botschaft 13)<\/li>\n<li>Anfrage Qualit\u00e4tssicherung in der Verwaltung<\/li>\n<\/ul>\n<h4>2006<\/h4>\n<ul>\n<li>Co-Pr\u00e4sidium Zubringer Rontal<\/li>\n<li>Anfrage Weiterentwicklung Schule mit Zukunft<\/li>\n<li>Postulat Doppelspurausbau Rotsee (Eingabe mit Guerino Riva, Luzern)<\/li>\n<li>Leserbriefe Zivilcourage, Schule mit Zukunft, mehr Kantonsfinanzen, Ja zum Ladenschlussgesetz, neue Pr\u00fcfung f\u00fcr Achtkl\u00e4ssler, Pro Universit\u00e4t Luzern<\/li>\n<li>Postulat Erneuerung Volksschulbildungsgesetz<\/li>\n<\/ul>\n<h4>2005<\/h4>\n<ul>\n<li>Postulat Planungsstopp Berufsschule<\/li>\n<li>Leserbrief Ja zur Personenfreiz\u00fcgigkeit<\/li>\n<li>Postulat Sanierung K 17 Rontal<\/li>\n<li>Postulat Steuerabzug f\u00fcr Sport-, Kultur- und Schiessvereine<\/li>\n<li>Komitee Pro Uni Luzern<\/li>\n<\/ul>\n<h4>2004<\/h4>\n<ul>\n<li>Gr\u00fcndung Bildungsgruppe CVP<\/li>\n<li>Fraktionssprecher CVP Botschaft Nr. B14, h\u00e4usliche Gewalt<\/li>\n<li>Postulat Leistungsauftrag Gymnasium St. Klemens (Eingabe mit Armin Steiner, Root)<\/li>\n<li>Postulat gek\u00fcrzte Finanzhilfen f\u00fcr die J+S Leiterausbildung ausgleichen (Fr. 3&#8217;000&#8217;000.-)<\/li>\n<li>Postulat Einf\u00fchrung des Englischunterrichts ab der 3. Klasse<\/li>\n<li>Postulat Beurteilen und F\u00f6rdern<\/li>\n<li>Fraktionssprecher Vermummungsverbot<\/li>\n<li>Motion kein weiterer Abbau im Bildungsbereich<\/li>\n<\/ul>\n<h4>2003<\/h4>\n<ul>\n<li>Anfrage Entwicklung Sekundarstufe I, wie entwickelt sich diese Stufe weiter?<\/li>\n<li>Postulat Schulzahngesetz, Ersatz f\u00fcr das Schulzahngesetz aus dem Jahre 1947<\/li>\n<li>Postulat Linienf\u00fchrung Neat durch den Selisberg<\/li>\n<li>Postulat Lesbarkeit der Zeugnisse verbessern<\/li>\n<\/ul>\n","protected":false},"excerpt":{"rendered":"<p>2015 Gesetz \u00fcber die Luzerner Polizei, Fraktionssprecher, 16. M\u00e4rz 2015 Vorschau Kantonsrat M\u00e4rz 2015, Gesetz \u00fcber die Luzerner Polizei, NLZ, 14. M\u00e4rz 2015 Sessionsbericht RigiAnzeiger, 26.\/27. Januar 2015 Leserbrief &#8222;Reusssanierung&#8220; Anfrage &#8222;Reusssanierung&#8220;, Eingabe Januar 2015 2014 Leserbrief &#8222;Bundesgericht will Standort Luzern aufgeben&#8220; Sessionsbericht Juni 2014, Rontaler Leserbrief &#8222;Kantonalisierung Zivilschutz&#8220; Sessionsbericht Januar 2014, Rontaler Woche (Anzeiger &hellip; <\/p>\n<p class=\"link-more\"><a href=\"https:\/\/meierpatrick.ch\/?page_id=108\" class=\"more-link\"><span class=\"screen-reader-text\">\u201ePolitische Vorst\u00f6sse Kantonsrat\u201c <\/span>weiterlesen<\/a><\/p>\n","protected":false},"author":1,"featured_media":0,"parent":0,"menu_order":0,"comment_status":"closed","ping_status":"closed","template":"","meta":{"footnotes":""},"class_list":["post-108","page","type-page","status-publish","hentry"],"_links":{"self":[{"href":"https:\/\/meierpatrick.ch\/index.php?rest_route=\/wp\/v2\/pages\/108","targetHints":{"allow":["GET"]}}],"collection":[{"href":"https:\/\/meierpatrick.ch\/index.php?rest_route=\/wp\/v2\/pages"}],"about":[{"href":"https:\/\/meierpatrick.ch\/index.php?rest_route=\/wp\/v2\/types\/page"}],"author":[{"embeddable":true,"href":"https:\/\/meierpatrick.ch\/index.php?rest_route=\/wp\/v2\/users\/1"}],"replies":[{"embeddable":true,"href":"https:\/\/meierpatrick.ch\/index.php?rest_route=%2Fwp%2Fv2%2Fcomments&post=108"}],"version-history":[{"count":3,"href":"https:\/\/meierpatrick.ch\/index.php?rest_route=\/wp\/v2\/pages\/108\/revisions"}],"predecessor-version":[{"id":111,"href":"https:\/\/meierpatrick.ch\/index.php?rest_route=\/wp\/v2\/pages\/108\/revisions\/111"}],"wp:attachment":[{"href":"https:\/\/meierpatrick.ch\/index.php?rest_route=%2Fwp%2Fv2%2Fmedia&parent=108"}],"curies":[{"name":"wp","href":"https:\/\/api.w.org\/{rel}","templated":true}]}}